{"id":7661,"date":"2022-08-07T21:41:23","date_gmt":"2022-08-07T20:41:23","guid":{"rendered":"http:\/\/ptrans.fr\/?page_id=7661"},"modified":"2022-09-22T02:19:17","modified_gmt":"2022-09-22T01:19:17","slug":"demenagement-belgique-maroc","status":"publish","type":"page","link":"https:\/\/ptrans.fr\/fr_fr\/maroc-demenagement\/demenagement-belgique-maroc\/","title":{"rendered":"demenagement belgique maroc"},"content":{"rendered":"<section class=\"wpb-content-wrapper\"><div class=\"vc_row wpb_row vc_row-fluid\"><div class=\"wpb_column vc_column_container vc_col-sm-12\"><div class=\"vc_column-inner\"><div class=\"wpb_wrapper\">[rev_slider slidertitle=\u00a0\u00bbD\u00e9m\u00e9nagement international belgique maroc\u00a0\u00bb alias=\u00a0\u00bbsociete-demenagement-international-tanger-1&Prime;]<div class=\"vc_empty_space\"   style=\"height: 32px\"><span class=\"vc_empty_space_inner\"><\/span><\/div><\/div><\/div><\/div><\/div><div class=\"vc_row wpb_row vc_row-fluid\"><div class=\"wpb_column vc_column_container vc_col-sm-6\"><div class=\"vc_column-inner\"><div class=\"wpb_wrapper\">\n\t<div class=\"wpb_text_column wpb_content_element \" >\n\t\t<div class=\"wpb_wrapper\">\n\t\t\t<p>Le d\u00e9m\u00e9nagement international est un processus d\u00e9licat qui demande une planification minutieuse. Que vous d\u00e9m\u00e9nagiez depuis la Belgique vers le Maroc ou vice versa, il est important de suivre les meilleurs conseils pour assurer un d\u00e9m\u00e9nagement sans accroc. Dans cet article, nous partageons avec vous quelques conseils cl\u00e9s pour r\u00e9ussir votre d\u00e9m\u00e9nagement entre la Belgique et le Maroc.<\/p>\n\n\t\t<\/div>\n\t<\/div>\n<div class=\"vc_btn3-container vc_btn3-center\" ><a class=\"vc_general vc_btn3 vc_btn3-size-lg vc_btn3-shape-rounded vc_btn3-style-modern vc_btn3-icon-left vc_btn3-color-primary\" href=\"http:\/\/ptrans.fr\/estimer-le-prix\/\" title=\"Estimer le prix\"><i class=\"vc_btn3-icon fas fa-arrow-circle-right\"><\/i> Nos Tarifs En Ligne<\/a><\/div>\n\t<div class=\"wpb_text_column wpb_content_element \" >\n\t\t<div class=\"wpb_wrapper\">\n\t\t\t<h5><span style=\"color: #333399;\">Qu&rsquo;est-ce que PTrans soci\u00e9t\u00e9 d\u00e9m\u00e9nagement international ?<\/span><\/h5>\n<p>PTrans est une soci\u00e9t\u00e9 de d\u00e9m\u00e9nagement international bas\u00e9e au Maroc. Nous proposons des services de d\u00e9m\u00e9nagement personnalis\u00e9s pour les d\u00e9m\u00e9nagements vers le Maroc et vice versa, nos \u00e9quipes sont exp\u00e9riment\u00e9es et professionnelles, et nous mettons tout en \u0153uvre pour que votre d\u00e9m\u00e9nagement se d\u00e9roule sans accroc.<\/p>\n<p>Si vous pr\u00e9voyez un d\u00e9m\u00e9nagement entre la Belgique et le Maroc, n&rsquo;h\u00e9sitez pas \u00e0 nous contacter. Nous serons heureux de vous fournir un devis gratuit.<\/p>\n<p><a href=\"http:\/\/ptrans.fr\/wp-content\/uploads\/2022\/09\/demenagement-belgique-maroc.jpg\"><img loading=\"lazy\" decoding=\"async\" class=\"size-full wp-image-8252 aligncenter\" src=\"http:\/\/ptrans.fr\/wp-content\/uploads\/2022\/09\/demenagement-belgique-maroc.jpg\" alt=\"d\u00e9m\u00e9nagement belgique maroc\" width=\"600\" height=\"400\" srcset=\"https:\/\/ptrans.fr\/wp-content\/uploads\/2022\/09\/demenagement-belgique-maroc.jpg 600w, https:\/\/ptrans.fr\/wp-content\/uploads\/2022\/09\/demenagement-belgique-maroc-300x200.jpg 300w\" sizes=\"(max-width: 600px) 100vw, 600px\" \/><\/a><\/p>\n<h5><span style=\"color: #333399;\">Pourquoi choisir PTrans pour votre d\u00e9m\u00e9nagement international ?<\/span><\/h5>\n<p>PTrans d\u00e9m\u00e9nagement international est une soci\u00e9t\u00e9 de d\u00e9m\u00e9nagement international d\u00e9di\u00e9e au d\u00e9m\u00e9nagement en toute s\u00e9curit\u00e9 et sans soucis des particuliers et professionnels expatri\u00e9s du monde entier. Nous fournissons un service personnalis\u00e9 avec lequel vous pouvez d\u00e9terminer vos propres exigences en termes de d\u00e9lais, de co\u00fbts et d&rsquo;assistance. Nos \u00e9quipes qualifi\u00e9es se tiennent \u00e0 votre disposition pour vous aider \u00e0 d\u00e9m\u00e9nager en toute s\u00e9curit\u00e9 et sans soucis dans votre nouvelle maison.<\/p>\n<p>Nos \u00e9quipes vous assistons pendant le processus de d\u00e9douanement et de d\u00e9m\u00e9nagement, et nous veillons \u00e0 ce que tous vos biens soient d\u00e9pos\u00e9s dans votre nouvelle maison dans les meilleures conditions possibles.<\/p>\n<p>Ptrans met \u00e0 votre disposition un large \u00e9ventail de services pour faciliter votre d\u00e9m\u00e9nagement. Notre soci\u00e9t\u00e9 \u00e0 nos clients le service self-d\u00e9m\u00e9nagement, le d\u00e9m\u00e9nagement en container, le d\u00e9m\u00e9nagement a\u00e9rien et le d\u00e9m\u00e9nagement par bateau. Quelle que soit votre option, nous vous garantissons un d\u00e9m\u00e9nagement en toute s\u00e9curit\u00e9 et sans soucis.<\/p>\n<p>Si vous avez des questions concernant nos services de d\u00e9m\u00e9nagement, n&rsquo;h\u00e9sitez pas \u00e0 nous contacter. Notre \u00e9quipe se fera un plaisir de vous fournir toutes les informations dont vous avez besoin pour d\u00e9m\u00e9nager en toute s\u00e9curit\u00e9 et sans soucis.<\/p>\n\n\t\t<\/div>\n\t<\/div>\n<div class=\"vc_empty_space\"   style=\"height: 32px\"><span class=\"vc_empty_space_inner\"><\/span><\/div><\/div><\/div><\/div><div class=\"wpb_column vc_column_container vc_col-sm-6\"><div class=\"vc_column-inner\"><div class=\"wpb_wrapper\">\n\t<div class=\"wpb_text_column wpb_content_element \" >\n\t\t<div class=\"wpb_wrapper\">\n\t\t\t<h5><span style=\"color: #333399;\">Comment se d\u00e9roule un d\u00e9m\u00e9nagement international avec PTrans ?<\/span><\/h5>\n<p>PTrans d\u00e9m\u00e9nagement international est une soci\u00e9t\u00e9 de d\u00e9m\u00e9nagement international d\u00e9di\u00e9e au d\u00e9m\u00e9nagement en toute s\u00e9curit\u00e9 et sans soucis des particuliers et professionnels expatri\u00e9s du monde entier. Nous fournissons un service personnalis\u00e9 avec lequel vous pouvez d\u00e9terminer vos propres exigences en termes de d\u00e9lais, de co\u00fbts et d&rsquo;assistance.<\/p>\n<p>Nos tarifs et prestations<\/p>\n<p>nos tarifs sont calcul\u00e9s au m\u00e8tre cube et d\u00e9pendent du type de d\u00e9m\u00e9nagement (self-d\u00e9m\u00e9nagement, d\u00e9m\u00e9nagement en container, d\u00e9m\u00e9nagement a\u00e9rien ou d\u00e9m\u00e9nagement par bateau).C&rsquo;est-\u00e0-dire Les d\u00e9lais et les co\u00fbts varient \u00e9galement en fonction du type de d\u00e9m\u00e9nagement.<\/p>\n<p>Nous vous proposons diff\u00e9rentes options de d\u00e9m\u00e9nagement en fonction de vos besoins et de votre budget. Pour obtenir un devis gratuit, n&rsquo;h\u00e9sitez pas \u00e0 nous contacter.<\/p>\n<h5><span style=\"color: #333399;\"><a href=\"http:\/\/ptrans.fr\/wp-content\/uploads\/2022\/09\/devis-demenagement-belgique-maroc-tarifs-douane.jpg\"><img loading=\"lazy\" decoding=\"async\" class=\"size-full wp-image-8253 aligncenter\" src=\"http:\/\/ptrans.fr\/wp-content\/uploads\/2022\/09\/devis-demenagement-belgique-maroc-tarifs-douane.jpg\" alt=\"devis d\u00e9m\u00e9nagement belgique maroc tarifs douane\" width=\"1000\" height=\"600\" srcset=\"https:\/\/ptrans.fr\/wp-content\/uploads\/2022\/09\/devis-demenagement-belgique-maroc-tarifs-douane.jpg 1000w, https:\/\/ptrans.fr\/wp-content\/uploads\/2022\/09\/devis-demenagement-belgique-maroc-tarifs-douane-300x180.jpg 300w, https:\/\/ptrans.fr\/wp-content\/uploads\/2022\/09\/devis-demenagement-belgique-maroc-tarifs-douane-768x461.jpg 768w, https:\/\/ptrans.fr\/wp-content\/uploads\/2022\/09\/devis-demenagement-belgique-maroc-tarifs-douane-800x480.jpg 800w\" sizes=\"(max-width: 1000px) 100vw, 1000px\" \/><\/a><\/span><\/h5>\n<h5><\/h5>\n<h5><span style=\"color: #333399;\">T\u00e9moignages de nos clients satisfaits<\/span><\/h5>\n<p>\u00ab\u00a0PTrans d\u00e9m\u00e9nagement international est une soci\u00e9t\u00e9 de d\u00e9m\u00e9nagement international d\u00e9di\u00e9e au d\u00e9m\u00e9nagement en toute s\u00e9curit\u00e9 et sans soucis des particuliers et professionnels expatri\u00e9s du monde entier. Nous avons d\u00e9m\u00e9nag\u00e9 avec eux de la Belgique au Maroc et nous avons \u00e9t\u00e9 tr\u00e8s satisfaits de leurs services. Ils ont \u00e9t\u00e9 tr\u00e8s professionnels et ont veill\u00e9 \u00e0 ce que tout se d\u00e9roule sans accroc. Je les recommande vivement.\u00a0\u00bb<\/p>\n<p>&#8211; M. Ali, d\u00e9m\u00e9nagement de la Belgique au Maroc<\/p>\n<p>\u00ab\u00a0PTrans d\u00e9m\u00e9nagement international a \u00e9t\u00e9 tr\u00e8s professionnel et a fait preuve de beaucoup de patience. Ils ont d\u00e9m\u00e9nag\u00e9 mes affaires avec soin et ont pris le temps de tout d\u00e9baller et de tout installer dans ma nouvelle maison. Je les recommande vivement.\u00a0\u00bb<\/p>\n<p>&#8211; Mme Fatima, d\u00e9m\u00e9nagement du Maroc en Belgique<\/p>\n<p>\u00ab\u00a0PTrans d\u00e9m\u00e9nagement international est une soci\u00e9t\u00e9 de d\u00e9m\u00e9nagement international d\u00e9di\u00e9e au d\u00e9m\u00e9nagement en toute s\u00e9curit\u00e9 et sans soucis des particuliers et professionnels expatri\u00e9s du monde entier. Nous avons d\u00e9m\u00e9nag\u00e9 avec eux de la Belgique au Maroc et nous avons \u00e9t\u00e9 tr\u00e8s satisfaits de leurs services. Ils ont \u00e9t\u00e9 tr\u00e8s professionnels et ont veill\u00e9 \u00e0 ce que tout se d\u00e9roule sans accroc. Je les recommande vivement.\u00a0\u00bb<\/p>\n<p>&#8211; M. Hicham, d\u00e9m\u00e9nagement de la Belgique au Maroc<\/p>\n<h5><span style=\"color: #333399;\">T\u00e9moignages de nos clients satisfaits<\/span><\/h5>\n<p>\u00a0\u00bb Je recommande PTrans d\u00e9m\u00e9nagement international, ils ont d\u00e9m\u00e9nag\u00e9 mes affaires avec soin et ont \u00e9t\u00e9 tr\u00e8s professionnels. Ils m&rsquo;ont d\u00e9charg\u00e9 de toutes les formalit\u00e9s administratives et m&rsquo;ont fourni un service complet du d\u00e9but \u00e0 la fin. Merci beaucoup PTrans !\u00a0\u00bb<\/p>\n<p>&#8211; Mme Sarah, d\u00e9m\u00e9nagement du Maroc en Belgique<\/p>\n<p>\u00a0\u00bb PTrans d\u00e9m\u00e9nagement international est une soci\u00e9t\u00e9 de d\u00e9m\u00e9nagement international d\u00e9di\u00e9e au d\u00e9m\u00e9nagement en toute s\u00e9curit\u00e9 et sans soucis des particuliers et professionnels expatri\u00e9s du monde entier. Nous avons d\u00e9m\u00e9nag\u00e9 avec eux de la Belgique au Maroc et nous avons \u00e9t\u00e9 tr\u00e8s satisfaits de leurs services. Ils ont \u00e9t\u00e9 tr\u00e8s professionnels et ont veill\u00e9 \u00e0 ce que tout se d\u00e9roule sans accroc. Je les recommande vivement.\u00a0\u00bb<\/p>\n<p>&#8211; M. Mohamed, d\u00e9m\u00e9nagement de la Belgique au Maroc<\/p>\n<p>Nous esp\u00e9rons que ces t\u00e9moignages vous ont \u00e9t\u00e9 utiles et nous vous souhaitons un bon d\u00e9m\u00e9nagement !<\/p>\n<p>Si vous avez des questions ou des commentaires, n&rsquo;h\u00e9sitez pas \u00e0 nous contacter.<\/p>\n<h5><\/h5>\n<h5><span style=\"color: #333399;\">Contactez-nous pour plus d&rsquo;informations<\/span><\/h5>\n<p>PTrans d\u00e9m\u00e9nagement international<\/p>\n<p>29 Rue Amr Ibn Ass<\/p>\n<p>90020 Tanger<\/p>\n<p>Maroc<\/p>\n<p>T\u00e9l: +212 663.23.23.00<\/p>\n<p>Email: infos@ptrans.fr<\/p>\n<p>Horaires d&rsquo;ouverture:<\/p>\n<p>Lundi &#8211; vendredi: 08h30 &#8211; 18h00<\/p>\n<p>Samedi: 09h00 &#8211; 17h00<\/p>\n<p>Dimanche: ferm\u00e9<\/p>\n<p>&nbsp;<\/p>\n<p><strong>Liens Utiles :<\/strong><\/p>\n<ul>\n<li><a href=\"https:\/\/fr.wikipedia.org\/wiki\/Maroc\">D\u00e9couvrir El jadida<\/a><\/li>\n<li><a href=\"http:\/\/ptrans.fr\/estimer-le-prix\/\">Estimer Le Prix Du Transport Directement En Ligne<\/a><\/li>\n<\/ul>\n\n\t\t<\/div>\n\t<\/div>\n<\/div><\/div><\/div><\/div>\n<\/section>","protected":false},"excerpt":{"rendered":"[rev_slider slidertitle=\"D\u00e9m\u00e9nagement international belgique maroc\" alias=\"societe-demenagement-international-tanger-1\"] Le d\u00e9m\u00e9nagement international est un processus d\u00e9licat qui demande [...]","protected":false},"author":1,"featured_media":0,"parent":7836,"menu_order":0,"comment_status":"closed","ping_status":"closed","template":"","meta":{"footnotes":""},"yoast_head":"<!-- This site is optimized with the Yoast SEO plugin v22.8 - https:\/\/yoast.com\/wordpress\/plugins\/seo\/ -->\n<title>Tarifs D\u00e9m\u00e9nagement Belgique Maroc | T\u00e9l : +212 663 23 23 00<\/title>\n<meta name=\"description\" content=\"vous souhaitez faire un d\u00e9m\u00e9nagement Belgique Maroc pour un tarif \u00e9conomique, Ptrans vous offre un d\u00e9m\u00e9nagement Belgique Maroc \u00e0 bas prix.\" \/>\n<meta name=\"robots\" content=\"index, follow, max-snippet:-1, max-image-preview:large, max-video-preview:-1\" \/>\n<link rel=\"canonical\" href=\"https:\/\/ptrans.fr\/fr_fr\/maroc-demenagement\/demenagement-belgique-maroc\/\" \/>\n<meta property=\"og:locale\" content=\"fr_FR\" \/>\n<meta property=\"og:type\" content=\"article\" \/>\n<meta property=\"og:title\" content=\"Tarifs D\u00e9m\u00e9nagement Belgique Maroc | T\u00e9l : +212 663 23 23 00\" \/>\n<meta property=\"og:description\" content=\"vous souhaitez faire un d\u00e9m\u00e9nagement Belgique Maroc pour un tarif \u00e9conomique, Ptrans vous offre un d\u00e9m\u00e9nagement Belgique Maroc \u00e0 bas prix.\" \/>\n<meta property=\"og:url\" content=\"https:\/\/ptrans.fr\/fr_fr\/maroc-demenagement\/demenagement-belgique-maroc\/\" \/>\n<meta property=\"og:site_name\" content=\"Ptrans Soci\u00e9t\u00e9 De Transport &amp; D\u00e9m\u00e9nagements International Entre Le Maroc Et Le Reste Du Monde\" \/>\n<meta property=\"article:publisher\" content=\"https:\/\/www.facebook.com\/PlogisticsEurope\" \/>\n<meta property=\"article:modified_time\" content=\"2022-09-22T01:19:17+00:00\" \/>\n<meta property=\"og:image\" content=\"http:\/\/ptrans.fr\/wp-content\/uploads\/2022\/09\/demenagement-belgique-maroc.jpg\" \/>\n<meta name=\"twitter:label1\" content=\"Dur\u00e9e de lecture estim\u00e9e\" \/>\n\t<meta name=\"twitter:data1\" content=\"5 minutes\" \/>\n<script type=\"application\/ld+json\" class=\"yoast-schema-graph\">{\"@context\":\"https:\/\/schema.org\",\"@graph\":[{\"@type\":\"Article\",\"@id\":\"https:\/\/ptrans.fr\/maroc-demenagement\/demenagement-belgique-maroc\/#article\",\"isPartOf\":{\"@id\":\"https:\/\/ptrans.fr\/maroc-demenagement\/demenagement-belgique-maroc\/\"},\"author\":{\"name\":\"admin\",\"@id\":\"https:\/\/ptrans.fr\/#\/schema\/person\/3a50d5b251b4df119e3598a32b8ce67c\"},\"headline\":\"demenagement belgique maroc\",\"datePublished\":\"2022-08-07T20:41:23+00:00\",\"dateModified\":\"2022-09-22T01:19:17+00:00\",\"mainEntityOfPage\":{\"@id\":\"https:\/\/ptrans.fr\/maroc-demenagement\/demenagement-belgique-maroc\/\"},\"wordCount\":1141,\"publisher\":{\"@id\":\"https:\/\/ptrans.fr\/#organization\"},\"image\":{\"@id\":\"https:\/\/ptrans.fr\/maroc-demenagement\/demenagement-belgique-maroc\/#primaryimage\"},\"thumbnailUrl\":\"http:\/\/ptrans.fr\/wp-content\/uploads\/2022\/09\/demenagement-belgique-maroc.jpg\",\"inLanguage\":\"fr-FR\"},{\"@type\":\"WebPage\",\"@id\":\"https:\/\/ptrans.fr\/maroc-demenagement\/demenagement-belgique-maroc\/\",\"url\":\"https:\/\/ptrans.fr\/maroc-demenagement\/demenagement-belgique-maroc\/\",\"name\":\"Tarifs D\u00e9m\u00e9nagement Belgique Maroc | T\u00e9l : +212 663 23 23 00\",\"isPartOf\":{\"@id\":\"https:\/\/ptrans.fr\/#website\"},\"primaryImageOfPage\":{\"@id\":\"https:\/\/ptrans.fr\/maroc-demenagement\/demenagement-belgique-maroc\/#primaryimage\"},\"image\":{\"@id\":\"https:\/\/ptrans.fr\/maroc-demenagement\/demenagement-belgique-maroc\/#primaryimage\"},\"thumbnailUrl\":\"http:\/\/ptrans.fr\/wp-content\/uploads\/2022\/09\/demenagement-belgique-maroc.jpg\",\"datePublished\":\"2022-08-07T20:41:23+00:00\",\"dateModified\":\"2022-09-22T01:19:17+00:00\",\"description\":\"vous souhaitez faire un d\u00e9m\u00e9nagement Belgique Maroc pour un tarif \u00e9conomique, Ptrans vous offre un d\u00e9m\u00e9nagement Belgique Maroc \u00e0 bas prix.\",\"breadcrumb\":{\"@id\":\"https:\/\/ptrans.fr\/maroc-demenagement\/demenagement-belgique-maroc\/#breadcrumb\"},\"inLanguage\":\"fr-FR\",\"potentialAction\":[{\"@type\":\"ReadAction\",\"target\":[\"https:\/\/ptrans.fr\/maroc-demenagement\/demenagement-belgique-maroc\/\"]}]},{\"@type\":\"ImageObject\",\"inLanguage\":\"fr-FR\",\"@id\":\"https:\/\/ptrans.fr\/maroc-demenagement\/demenagement-belgique-maroc\/#primaryimage\",\"url\":\"http:\/\/ptrans.fr\/wp-content\/uploads\/2022\/09\/demenagement-belgique-maroc.jpg\",\"contentUrl\":\"http:\/\/ptrans.fr\/wp-content\/uploads\/2022\/09\/demenagement-belgique-maroc.jpg\"},{\"@type\":\"BreadcrumbList\",\"@id\":\"https:\/\/ptrans.fr\/maroc-demenagement\/demenagement-belgique-maroc\/#breadcrumb\",\"itemListElement\":[{\"@type\":\"ListItem\",\"position\":1,\"name\":\"maroc d\u00e9m\u00e9nagement\",\"item\":\"https:\/\/ptrans.fr\/maroc-demenagement\/\"},{\"@type\":\"ListItem\",\"position\":2,\"name\":\"demenagement belgique maroc\"}]},{\"@type\":\"WebSite\",\"@id\":\"https:\/\/ptrans.fr\/#website\",\"url\":\"https:\/\/ptrans.fr\/\",\"name\":\"Ptrans Soci\u00e9t\u00e9 De Transport Et D\u00e9m\u00e9nagement International Maroc\",\"description\":\"Ptrans Votre Transporteur &amp; D\u00e9m\u00e9nageur Vers Le Maroc\",\"publisher\":{\"@id\":\"https:\/\/ptrans.fr\/#organization\"},\"alternateName\":\"Ptrans\",\"potentialAction\":[{\"@type\":\"SearchAction\",\"target\":{\"@type\":\"EntryPoint\",\"urlTemplate\":\"https:\/\/ptrans.fr\/?s={search_term_string}\"},\"query-input\":\"required name=search_term_string\"}],\"inLanguage\":\"fr-FR\"},{\"@type\":\"Organization\",\"@id\":\"https:\/\/ptrans.fr\/#organization\",\"name\":\"Ptrans Soci\u00e9t\u00e9 De Transport Et D\u00e9m\u00e9nagements International Entre Le Maroc Et Le Reste Du Monde\",\"url\":\"https:\/\/ptrans.fr\/\",\"logo\":{\"@type\":\"ImageObject\",\"inLanguage\":\"fr-FR\",\"@id\":\"https:\/\/ptrans.fr\/#\/schema\/logo\/image\/\",\"url\":\"http:\/\/ptrans.fr\/wp-content\/uploads\/2022\/08\/P.trans-logi_Plan-de-travail-1.png\",\"contentUrl\":\"http:\/\/ptrans.fr\/wp-content\/uploads\/2022\/08\/P.trans-logi_Plan-de-travail-1.png\",\"width\":2481,\"height\":1076,\"caption\":\"Ptrans Soci\u00e9t\u00e9 De Transport Et D\u00e9m\u00e9nagements International Entre Le Maroc Et Le Reste Du Monde\"},\"image\":{\"@id\":\"https:\/\/ptrans.fr\/#\/schema\/logo\/image\/\"},\"sameAs\":[\"https:\/\/www.facebook.com\/PlogisticsEurope\"]},{\"@type\":\"Person\",\"@id\":\"https:\/\/ptrans.fr\/#\/schema\/person\/3a50d5b251b4df119e3598a32b8ce67c\",\"name\":\"admin\",\"image\":{\"@type\":\"ImageObject\",\"inLanguage\":\"fr-FR\",\"@id\":\"https:\/\/ptrans.fr\/#\/schema\/person\/image\/\",\"url\":\"https:\/\/secure.gravatar.com\/avatar\/f1ed11851bb8c89ef1f06d655ba0bd00?s=96&d=mm&r=g\",\"contentUrl\":\"https:\/\/secure.gravatar.com\/avatar\/f1ed11851bb8c89ef1f06d655ba0bd00?s=96&d=mm&r=g\",\"caption\":\"admin\"},\"url\":\"https:\/\/ptrans.fr\/fr_fr\/author\/admin\/\"}]}<\/script>\n<!-- \/ Yoast SEO plugin. -->","yoast_head_json":{"title":"Tarifs D\u00e9m\u00e9nagement Belgique Maroc | T\u00e9l : +212 663 23 23 00","description":"vous souhaitez faire un d\u00e9m\u00e9nagement Belgique Maroc pour un tarif \u00e9conomique, Ptrans vous offre un d\u00e9m\u00e9nagement Belgique Maroc \u00e0 bas prix.","robots":{"index":"index","follow":"follow","max-snippet":"max-snippet:-1","max-image-preview":"max-image-preview:large","max-video-preview":"max-video-preview:-1"},"canonical":"https:\/\/ptrans.fr\/fr_fr\/maroc-demenagement\/demenagement-belgique-maroc\/","og_locale":"fr_FR","og_type":"article","og_title":"Tarifs D\u00e9m\u00e9nagement Belgique Maroc | T\u00e9l : +212 663 23 23 00","og_description":"vous souhaitez faire un d\u00e9m\u00e9nagement Belgique Maroc pour un tarif \u00e9conomique, Ptrans vous offre un d\u00e9m\u00e9nagement Belgique Maroc \u00e0 bas prix.","og_url":"https:\/\/ptrans.fr\/fr_fr\/maroc-demenagement\/demenagement-belgique-maroc\/","og_site_name":"Ptrans Soci\u00e9t\u00e9 De Transport &amp; D\u00e9m\u00e9nagements International Entre Le Maroc Et Le Reste Du Monde","article_publisher":"https:\/\/www.facebook.com\/PlogisticsEurope","article_modified_time":"2022-09-22T01:19:17+00:00","og_image":[{"url":"http:\/\/ptrans.fr\/wp-content\/uploads\/2022\/09\/demenagement-belgique-maroc.jpg"}],"twitter_misc":{"Dur\u00e9e de lecture estim\u00e9e":"5 minutes"},"schema":{"@context":"https:\/\/schema.org","@graph":[{"@type":"Article","@id":"https:\/\/ptrans.fr\/maroc-demenagement\/demenagement-belgique-maroc\/#article","isPartOf":{"@id":"https:\/\/ptrans.fr\/maroc-demenagement\/demenagement-belgique-maroc\/"},"author":{"name":"admin","@id":"https:\/\/ptrans.fr\/#\/schema\/person\/3a50d5b251b4df119e3598a32b8ce67c"},"headline":"demenagement belgique maroc","datePublished":"2022-08-07T20:41:23+00:00","dateModified":"2022-09-22T01:19:17+00:00","mainEntityOfPage":{"@id":"https:\/\/ptrans.fr\/maroc-demenagement\/demenagement-belgique-maroc\/"},"wordCount":1141,"publisher":{"@id":"https:\/\/ptrans.fr\/#organization"},"image":{"@id":"https:\/\/ptrans.fr\/maroc-demenagement\/demenagement-belgique-maroc\/#primaryimage"},"thumbnailUrl":"http:\/\/ptrans.fr\/wp-content\/uploads\/2022\/09\/demenagement-belgique-maroc.jpg","inLanguage":"fr-FR"},{"@type":"WebPage","@id":"https:\/\/ptrans.fr\/maroc-demenagement\/demenagement-belgique-maroc\/","url":"https:\/\/ptrans.fr\/maroc-demenagement\/demenagement-belgique-maroc\/","name":"Tarifs D\u00e9m\u00e9nagement Belgique Maroc | T\u00e9l : +212 663 23 23 00","isPartOf":{"@id":"https:\/\/ptrans.fr\/#website"},"primaryImageOfPage":{"@id":"https:\/\/ptrans.fr\/maroc-demenagement\/demenagement-belgique-maroc\/#primaryimage"},"image":{"@id":"https:\/\/ptrans.fr\/maroc-demenagement\/demenagement-belgique-maroc\/#primaryimage"},"thumbnailUrl":"http:\/\/ptrans.fr\/wp-content\/uploads\/2022\/09\/demenagement-belgique-maroc.jpg","datePublished":"2022-08-07T20:41:23+00:00","dateModified":"2022-09-22T01:19:17+00:00","description":"vous souhaitez faire un d\u00e9m\u00e9nagement Belgique Maroc pour un tarif \u00e9conomique, Ptrans vous offre un d\u00e9m\u00e9nagement Belgique Maroc \u00e0 bas prix.","breadcrumb":{"@id":"https:\/\/ptrans.fr\/maroc-demenagement\/demenagement-belgique-maroc\/#breadcrumb"},"inLanguage":"fr-FR","potentialAction":[{"@type":"ReadAction","target":["https:\/\/ptrans.fr\/maroc-demenagement\/demenagement-belgique-maroc\/"]}]},{"@type":"ImageObject","inLanguage":"fr-FR","@id":"https:\/\/ptrans.fr\/maroc-demenagement\/demenagement-belgique-maroc\/#primaryimage","url":"http:\/\/ptrans.fr\/wp-content\/uploads\/2022\/09\/demenagement-belgique-maroc.jpg","contentUrl":"http:\/\/ptrans.fr\/wp-content\/uploads\/2022\/09\/demenagement-belgique-maroc.jpg"},{"@type":"BreadcrumbList","@id":"https:\/\/ptrans.fr\/maroc-demenagement\/demenagement-belgique-maroc\/#breadcrumb","itemListElement":[{"@type":"ListItem","position":1,"name":"maroc d\u00e9m\u00e9nagement","item":"https:\/\/ptrans.fr\/maroc-demenagement\/"},{"@type":"ListItem","position":2,"name":"demenagement belgique maroc"}]},{"@type":"WebSite","@id":"https:\/\/ptrans.fr\/#website","url":"https:\/\/ptrans.fr\/","name":"Ptrans Soci\u00e9t\u00e9 De Transport Et D\u00e9m\u00e9nagement International Maroc","description":"Ptrans Votre Transporteur &amp; D\u00e9m\u00e9nageur Vers Le Maroc","publisher":{"@id":"https:\/\/ptrans.fr\/#organization"},"alternateName":"Ptrans","potentialAction":[{"@type":"SearchAction","target":{"@type":"EntryPoint","urlTemplate":"https:\/\/ptrans.fr\/?s={search_term_string}"},"query-input":"required name=search_term_string"}],"inLanguage":"fr-FR"},{"@type":"Organization","@id":"https:\/\/ptrans.fr\/#organization","name":"Ptrans Soci\u00e9t\u00e9 De Transport Et D\u00e9m\u00e9nagements International Entre Le Maroc Et Le Reste Du Monde","url":"https:\/\/ptrans.fr\/","logo":{"@type":"ImageObject","inLanguage":"fr-FR","@id":"https:\/\/ptrans.fr\/#\/schema\/logo\/image\/","url":"http:\/\/ptrans.fr\/wp-content\/uploads\/2022\/08\/P.trans-logi_Plan-de-travail-1.png","contentUrl":"http:\/\/ptrans.fr\/wp-content\/uploads\/2022\/08\/P.trans-logi_Plan-de-travail-1.png","width":2481,"height":1076,"caption":"Ptrans Soci\u00e9t\u00e9 De Transport Et D\u00e9m\u00e9nagements International Entre Le Maroc Et Le Reste Du Monde"},"image":{"@id":"https:\/\/ptrans.fr\/#\/schema\/logo\/image\/"},"sameAs":["https:\/\/www.facebook.com\/PlogisticsEurope"]},{"@type":"Person","@id":"https:\/\/ptrans.fr\/#\/schema\/person\/3a50d5b251b4df119e3598a32b8ce67c","name":"admin","image":{"@type":"ImageObject","inLanguage":"fr-FR","@id":"https:\/\/ptrans.fr\/#\/schema\/person\/image\/","url":"https:\/\/secure.gravatar.com\/avatar\/f1ed11851bb8c89ef1f06d655ba0bd00?s=96&d=mm&r=g","contentUrl":"https:\/\/secure.gravatar.com\/avatar\/f1ed11851bb8c89ef1f06d655ba0bd00?s=96&d=mm&r=g","caption":"admin"},"url":"https:\/\/ptrans.fr\/fr_fr\/author\/admin\/"}]}},"jetpack_sharing_enabled":true,"jetpack_likes_enabled":true,"_links":{"self":[{"href":"https:\/\/ptrans.fr\/fr_fr\/wp-json\/wp\/v2\/pages\/7661"}],"collection":[{"href":"https:\/\/ptrans.fr\/fr_fr\/wp-json\/wp\/v2\/pages"}],"about":[{"href":"https:\/\/ptrans.fr\/fr_fr\/wp-json\/wp\/v2\/types\/page"}],"author":[{"embeddable":true,"href":"https:\/\/ptrans.fr\/fr_fr\/wp-json\/wp\/v2\/users\/1"}],"replies":[{"embeddable":true,"href":"https:\/\/ptrans.fr\/fr_fr\/wp-json\/wp\/v2\/comments?post=7661"}],"version-history":[{"count":0,"href":"https:\/\/ptrans.fr\/fr_fr\/wp-json\/wp\/v2\/pages\/7661\/revisions"}],"up":[{"embeddable":true,"href":"https:\/\/ptrans.fr\/fr_fr\/wp-json\/wp\/v2\/pages\/7836"}],"wp:attachment":[{"href":"https:\/\/ptrans.fr\/fr_fr\/wp-json\/wp\/v2\/media?parent=7661"}],"curies":[{"name":"wp","href":"https:\/\/api.w.org\/{rel}","templated":true}]}}